{"id":312,"date":"2024-12-29T13:35:34","date_gmt":"2024-12-29T12:35:34","guid":{"rendered":"https:\/\/host-3896.webhosting.magentabusiness.at\/?post_type=product&#038;p=312"},"modified":"2026-03-10T09:24:42","modified_gmt":"2026-03-10T08:24:42","slug":"das-bundwerk-2014","status":"publish","type":"product","link":"https:\/\/innviertler-kulturkreis.at\/index.php\/product\/das-bundwerk-2014\/","title":{"rendered":"Das Bundwerk 2014"},"content":{"rendered":"<p>Inhaltsangabe:<\/p>\n<p><strong>Editorial:<\/strong> Marg. Bernauer<br \/><strong>Das Urbar der Burg Friedburg in der Staatsbibliothek Bamberg:<\/strong> Franz Daxecker<br \/><strong>Martin Z\u00fcrn \u2013 der Bildhauer der Kreuzigungsgruppe in Burgkirchen:<\/strong> Gerhard Staudigl<br \/><strong>Die Braunauer Altarbildner des 17.\/18.Jhdts.:<\/strong> Otto Grimm<br \/><strong>Die Kurf\u00fcrstin Adelaide von Bayern und die Amme aus Ach: <\/strong>\u00a0Johann Dorner<br \/><strong>Die Mattighofener Geigenbauer- und Musikerfamilie Pinzger: \u00a0<\/strong>Josef Hohenleitner<br \/><strong>\u201eGipser und Stuckhadorer\u201c K\u00fcnstler des Barock und Rokoko (Teil 2):<\/strong> Leopoldine Swoboda<br \/><strong>Das Ringen um die Armenversorgung bei der Schaffung der Ortsgemeinde Helpfau-Uttendorf:<\/strong> Karl M. Maier<br \/><strong>Johann Evangelist Wimh\u00f6lzl:<\/strong> Maria Gann<br \/><strong>\u201eSteh\u2018 auf mein Volk: Der Kaiser ruft!\u201c Die Berichterstattung rund um den Ausbruch des Ersten Weltkrieges:<\/strong> Franz Maier<br \/><strong>Das Kriegerdenkmal f\u00fcr die Opfer des Ersten Weltkrieges der Gemeinde Jeging:<\/strong> Maria Braid<br \/><strong>M\u00fcnchen-Braunau-S\u00fcdtirol, Stationen eines erf\u00fcllten Malerlebens- Professor Martin Stachl: <\/strong>Gregor Fuchs<br \/><strong>Als noch mit Dampf gedroschen wurde: <\/strong>\u00a0Josef Gann<br \/><strong>Kriegserlebnisse von 1941-1945:<\/strong> Josef Brandt<br \/><strong>Dem Leben \u00fcber Kunst begegnen \u2013 im Daringer Kunstmuseum:<\/strong> Engelbert Fellner<br \/><strong>38. Plakette f\u00fcr das Hofrichterhaus in Ranshofen:<\/strong> Ingomar Engel<br \/><strong>Nachruf-Pfarrer Mag. Anton Sageder:<\/strong> Karl Mandl<br \/><strong>Erinnerung an Ludwig Kaufmann:<\/strong> Herbert Stadler<\/p>\n","protected":false},"excerpt":{"rendered":"<p>Schriftenreihe des Innviertler Kulturkreises, Band 29<\/p>\n","protected":false},"featured_media":313,"template":"","meta":[],"product_brand":[],"product_cat":[41],"product_tag":[],"class_list":{"0":"post-312","1":"product","2":"type-product","3":"status-publish","4":"has-post-thumbnail","6":"product_cat-buecher","8":"first","9":"instock","10":"shipping-taxable","11":"purchasable","12":"product-type-simple"},"publishpress_future_workflow_manual_trigger":{"enabledWorkflows":[]},"_links":{"self":[{"href":"https:\/\/innviertler-kulturkreis.at\/index.php\/wp-json\/wp\/v2\/product\/312","targetHints":{"allow":["GET"]}}],"collection":[{"href":"https:\/\/innviertler-kulturkreis.at\/index.php\/wp-json\/wp\/v2\/product"}],"about":[{"href":"https:\/\/innviertler-kulturkreis.at\/index.php\/wp-json\/wp\/v2\/types\/product"}],"wp:featuredmedia":[{"embeddable":true,"href":"https:\/\/innviertler-kulturkreis.at\/index.php\/wp-json\/wp\/v2\/media\/313"}],"wp:attachment":[{"href":"https:\/\/innviertler-kulturkreis.at\/index.php\/wp-json\/wp\/v2\/media?parent=312"}],"wp:term":[{"taxonomy":"product_brand","embeddable":true,"href":"https:\/\/innviertler-kulturkreis.at\/index.php\/wp-json\/wp\/v2\/product_brand?post=312"},{"taxonomy":"product_cat","embeddable":true,"href":"https:\/\/innviertler-kulturkreis.at\/index.php\/wp-json\/wp\/v2\/product_cat?post=312"},{"taxonomy":"product_tag","embeddable":true,"href":"https:\/\/innviertler-kulturkreis.at\/index.php\/wp-json\/wp\/v2\/product_tag?post=312"}],"curies":[{"name":"wp","href":"https:\/\/api.w.org\/{rel}","templated":true}]}}