{"id":72,"date":"2024-12-27T13:28:19","date_gmt":"2024-12-27T12:28:19","guid":{"rendered":"https:\/\/host-3896.webhosting.magentabusiness.at\/?page_id=72"},"modified":"2026-01-11T18:02:17","modified_gmt":"2026-01-11T17:02:17","slug":"unsere-angebote","status":"publish","type":"page","link":"https:\/\/innviertler-kulturkreis.at\/index.php\/unsere-angebote\/","title":{"rendered":"Unsere Angebote"},"content":{"rendered":"\n<p class=\"has-xx-large-font-size\"><strong>Unsere Angebote<\/strong><\/p>\n\n\n\n<div class=\"wp-block-group alignfull is-style-section-1 has-global-padding is-layout-constrained wp-block-group-is-layout-constrained is-style-section-1--1\" style=\"margin-top:0;margin-bottom:0;padding-top:var(--wp--preset--spacing--80);padding-bottom:var(--wp--preset--spacing--80)\">\n<div class=\"wp-block-columns alignwide is-layout-flex wp-container-core-columns-is-layout-66fad18a wp-block-columns-is-layout-flex\">\n<div class=\"wp-block-column is-layout-flow wp-block-column-is-layout-flow\" style=\"padding-right:var(--wp--preset--spacing--50);flex-basis:45%\">\n<figure class=\"wp-block-image size-full is-resized\"><img loading=\"lazy\" decoding=\"async\" width=\"980\" height=\"980\" data-attachment-id=\"93\" data-permalink=\"https:\/\/innviertler-kulturkreis.at\/index.php\/unsere-angebote\/pexels-cottonbro-studio-1\/\" data-orig-file=\"https:\/\/innviertler-kulturkreis.at\/wp-content\/uploads\/2024\/12\/\u00a9-Pexels-cottonbro-studio-1.png\" data-orig-size=\"980,980\" data-comments-opened=\"1\" data-image-meta=\"{&quot;aperture&quot;:&quot;0&quot;,&quot;credit&quot;:&quot;&quot;,&quot;camera&quot;:&quot;&quot;,&quot;caption&quot;:&quot;&quot;,&quot;created_timestamp&quot;:&quot;0&quot;,&quot;copyright&quot;:&quot;&quot;,&quot;focal_length&quot;:&quot;0&quot;,&quot;iso&quot;:&quot;0&quot;,&quot;shutter_speed&quot;:&quot;0&quot;,&quot;title&quot;:&quot;&quot;,&quot;orientation&quot;:&quot;0&quot;}\" data-image-title=\"Innviertler Kulturkreis\" data-image-description=\"&lt;p&gt;Plakettenverleihung&lt;\/p&gt;\n\" data-image-caption=\"&lt;p&gt;\u00a9 Innviertler Kulturkreis&lt;\/p&gt;\n\" data-large-file=\"https:\/\/innviertler-kulturkreis.at\/wp-content\/uploads\/2024\/12\/\u00a9-Pexels-cottonbro-studio-1.png\" src=\"https:\/\/host-3896.webhosting.magentabusiness.at\/wp-content\/uploads\/2024\/12\/\u00a9-Pexels-cottonbro-studio-1.png\" alt=\"Auf dem Bild sind 5 Personen, eine Plakette wird der Dame \u00fcberreicht als Auszeichnung\" class=\"wp-image-93\" style=\"width:430px;height:auto\" srcset=\"https:\/\/innviertler-kulturkreis.at\/wp-content\/uploads\/2024\/12\/\u00a9-Pexels-cottonbro-studio-1.png 980w, https:\/\/innviertler-kulturkreis.at\/wp-content\/uploads\/2024\/12\/\u00a9-Pexels-cottonbro-studio-1-300x300.png 300w, https:\/\/innviertler-kulturkreis.at\/wp-content\/uploads\/2024\/12\/\u00a9-Pexels-cottonbro-studio-1-100x100.png 100w, https:\/\/innviertler-kulturkreis.at\/wp-content\/uploads\/2024\/12\/\u00a9-Pexels-cottonbro-studio-1-600x600.png 600w, https:\/\/innviertler-kulturkreis.at\/wp-content\/uploads\/2024\/12\/\u00a9-Pexels-cottonbro-studio-1-150x150.png 150w, https:\/\/innviertler-kulturkreis.at\/wp-content\/uploads\/2024\/12\/\u00a9-Pexels-cottonbro-studio-1-768x768.png 768w\" sizes=\"auto, (max-width: 980px) 100vw, 980px\" \/><figcaption class=\"wp-element-caption\">\u00a9 Innviertler Kulturkreis<\/figcaption><\/figure>\n\n\n\n<div class=\"wp-block-group has-global-padding is-layout-constrained wp-block-group-is-layout-constrained\" style=\"margin-top:-12vw\"><\/div>\n<\/div>\n\n\n\n<div class=\"wp-block-column is-vertically-aligned-bottom is-layout-flow wp-block-column-is-layout-flow\" style=\"padding-right:0;padding-left:0;flex-basis:50%\">\n<p class=\"is-style-text-subtitle is-style-text-subtitle--2\">Der Innviertler Kulturkreis f\u00f6rdert seit 1977 kulturelle Initiativen und bietet kulturinteressierten Menschen eine breite Palette an Veranstaltungen, Stammtischen und Ausfl\u00fcgen. Zudem wird j\u00e4hrlich die Plakette &#8222;Bleibende Werte f\u00fcrs Innviertel&#8220; verliehen.<\/p>\n<\/div>\n<\/div>\n<\/div>\n\n\n\n<div class=\"wp-block-group alignfull has-global-padding is-layout-constrained wp-container-core-group-is-layout-ebee8dc1 wp-block-group-is-layout-constrained\" style=\"margin-top:0;margin-bottom:0;padding-top:var(--wp--preset--spacing--50);padding-bottom:var(--wp--preset--spacing--50)\">\n<p><\/p>\n\n\n\n<h2 class=\"wp-block-heading alignwide\">F\u00f6rderungen des Innviertler Kulturkreises:<\/h2>\n\n\n\n<div class=\"wp-block-columns alignwide is-layout-flex wp-container-core-columns-is-layout-28f84493 wp-block-columns-is-layout-flex\">\n<div class=\"wp-block-column is-layout-flow wp-block-column-is-layout-flow\">\n<figure class=\"wp-block-image size-full\" style=\"margin-bottom:24px\"><img loading=\"lazy\" decoding=\"async\" width=\"980\" height=\"980\" data-attachment-id=\"91\" data-permalink=\"https:\/\/innviertler-kulturkreis.at\/6-2\/\" data-orig-file=\"https:\/\/innviertler-kulturkreis.at\/wp-content\/uploads\/2024\/12\/6-1.png\" data-orig-size=\"980,980\" data-comments-opened=\"1\" data-image-meta=\"{&quot;aperture&quot;:&quot;0&quot;,&quot;credit&quot;:&quot;&quot;,&quot;camera&quot;:&quot;&quot;,&quot;caption&quot;:&quot;&quot;,&quot;created_timestamp&quot;:&quot;0&quot;,&quot;copyright&quot;:&quot;&quot;,&quot;focal_length&quot;:&quot;0&quot;,&quot;iso&quot;:&quot;0&quot;,&quot;shutter_speed&quot;:&quot;0&quot;,&quot;title&quot;:&quot;&quot;,&quot;orientation&quot;:&quot;0&quot;}\" data-image-title=\"Veranstaltungen des IKK\" data-image-description=\"&lt;p&gt;Veranstaltungen des IKK&lt;\/p&gt;\n\" data-image-caption=\"&lt;p&gt;\u00a9 Pexels&lt;\/p&gt;\n\" data-large-file=\"https:\/\/innviertler-kulturkreis.at\/wp-content\/uploads\/2024\/12\/6-1.png\" src=\"https:\/\/host-3896.webhosting.magentabusiness.at\/wp-content\/uploads\/2024\/12\/6-1.png\" alt=\"Veranstaltungen des IKK, auf dem Bild ist eine \u00e4ltere Dame zu sehen, die sich etwas auf einem Block notiert\" class=\"wp-image-91\" style=\"aspect-ratio:4\/3;object-fit:cover\" srcset=\"https:\/\/innviertler-kulturkreis.at\/wp-content\/uploads\/2024\/12\/6-1.png 980w, https:\/\/innviertler-kulturkreis.at\/wp-content\/uploads\/2024\/12\/6-1-300x300.png 300w, https:\/\/innviertler-kulturkreis.at\/wp-content\/uploads\/2024\/12\/6-1-100x100.png 100w, https:\/\/innviertler-kulturkreis.at\/wp-content\/uploads\/2024\/12\/6-1-600x600.png 600w, https:\/\/innviertler-kulturkreis.at\/wp-content\/uploads\/2024\/12\/6-1-150x150.png 150w, https:\/\/innviertler-kulturkreis.at\/wp-content\/uploads\/2024\/12\/6-1-768x768.png 768w\" sizes=\"auto, (max-width: 980px) 100vw, 980px\" \/><figcaption class=\"wp-element-caption\">\u00a9 Pexels<\/figcaption><\/figure>\n\n\n\n<h3 class=\"wp-block-heading\"><a href=\"https:\/\/innviertler-kulturkreis.at\/index.php\/heimatkunde-stammtisch-2025\/\" data-type=\"page\" data-id=\"515\">Heimatkunde-Stammtisch &amp; Ahnenforscher-Treffen<\/a><\/h3>\n\n\n\n<p class=\"has-medium-font-size\">Regelm\u00e4\u00dfig veranstalten wir einen Heimatkunde-Stammtisch mit Vortr\u00e4gen und regem Austausch unter Gleichgesinnten.<\/p>\n\n\n\n<figure class=\"wp-block-image size-full\" style=\"margin-bottom:24px\"><img loading=\"lazy\" decoding=\"async\" width=\"980\" height=\"980\" data-attachment-id=\"86\" data-permalink=\"https:\/\/innviertler-kulturkreis.at\/1-3\/\" data-orig-file=\"https:\/\/innviertler-kulturkreis.at\/wp-content\/uploads\/2024\/12\/1-2.png\" data-orig-size=\"980,980\" data-comments-opened=\"1\" data-image-meta=\"{&quot;aperture&quot;:&quot;0&quot;,&quot;credit&quot;:&quot;&quot;,&quot;camera&quot;:&quot;&quot;,&quot;caption&quot;:&quot;&quot;,&quot;created_timestamp&quot;:&quot;0&quot;,&quot;copyright&quot;:&quot;&quot;,&quot;focal_length&quot;:&quot;0&quot;,&quot;iso&quot;:&quot;0&quot;,&quot;shutter_speed&quot;:&quot;0&quot;,&quot;title&quot;:&quot;&quot;,&quot;orientation&quot;:&quot;0&quot;}\" data-image-title=\"Veranstaltungen des IKK\" data-image-description=\"&lt;p&gt;Veranstaltungen des IKK&lt;\/p&gt;\n\" data-image-caption=\"&lt;p&gt;\u00a9 Pixabay&lt;\/p&gt;\n\" data-large-file=\"https:\/\/innviertler-kulturkreis.at\/wp-content\/uploads\/2024\/12\/1-2.png\" src=\"https:\/\/host-3896.webhosting.magentabusiness.at\/wp-content\/uploads\/2024\/12\/1-2.png\" alt=\"Veranstaltungen des IKK, Traditionelle Volksmusik\" class=\"wp-image-86\" style=\"aspect-ratio:4\/3;object-fit:cover\" srcset=\"https:\/\/innviertler-kulturkreis.at\/wp-content\/uploads\/2024\/12\/1-2.png 980w, https:\/\/innviertler-kulturkreis.at\/wp-content\/uploads\/2024\/12\/1-2-300x300.png 300w, https:\/\/innviertler-kulturkreis.at\/wp-content\/uploads\/2024\/12\/1-2-100x100.png 100w, https:\/\/innviertler-kulturkreis.at\/wp-content\/uploads\/2024\/12\/1-2-600x600.png 600w, https:\/\/innviertler-kulturkreis.at\/wp-content\/uploads\/2024\/12\/1-2-150x150.png 150w, https:\/\/innviertler-kulturkreis.at\/wp-content\/uploads\/2024\/12\/1-2-768x768.png 768w\" sizes=\"auto, (max-width: 980px) 100vw, 980px\" \/><figcaption class=\"wp-element-caption\">\u00a9 Pixabay<\/figcaption><\/figure>\n\n\n\n<h3 class=\"wp-block-heading\"><a href=\"https:\/\/innviertler-kulturkreis.at\/index.php\/volksmusik-2025\/\">Volksmusik<\/a><\/h3>\n\n\n\n<p class=\"has-medium-font-size\">Arbeitskreis f\u00fcr traditionelle Volksmusik. Volksmusikwoche und offenes Singen f\u00fcr alle mit bedeutenden Referenten.<\/p>\n<\/div>\n\n\n\n<div class=\"wp-block-column is-layout-flow wp-block-column-is-layout-flow\">\n<figure class=\"wp-block-image size-full\" style=\"margin-bottom:24px\"><a href=\"https:\/\/innviertler-kulturkreis.at\/index.php\/kulturfahrten-2025\/\"><img loading=\"lazy\" decoding=\"async\" width=\"980\" height=\"980\" data-attachment-id=\"88\" data-permalink=\"https:\/\/innviertler-kulturkreis.at\/3-2\/\" data-orig-file=\"https:\/\/innviertler-kulturkreis.at\/wp-content\/uploads\/2024\/12\/3-1.png\" data-orig-size=\"980,980\" data-comments-opened=\"1\" data-image-meta=\"{&quot;aperture&quot;:&quot;0&quot;,&quot;credit&quot;:&quot;&quot;,&quot;camera&quot;:&quot;&quot;,&quot;caption&quot;:&quot;&quot;,&quot;created_timestamp&quot;:&quot;0&quot;,&quot;copyright&quot;:&quot;&quot;,&quot;focal_length&quot;:&quot;0&quot;,&quot;iso&quot;:&quot;0&quot;,&quot;shutter_speed&quot;:&quot;0&quot;,&quot;title&quot;:&quot;&quot;,&quot;orientation&quot;:&quot;0&quot;}\" data-image-title=\"Veranstaltungen des IKK\" data-image-description=\"&lt;p&gt;Veranstaltungen des IKK&lt;\/p&gt;\n\" data-image-caption=\"&lt;p&gt;\u00a9 Innviertler Kulturkeis&lt;\/p&gt;\n\" data-large-file=\"https:\/\/innviertler-kulturkreis.at\/wp-content\/uploads\/2024\/12\/3-1.png\" src=\"https:\/\/host-3896.webhosting.magentabusiness.at\/wp-content\/uploads\/2024\/12\/3-1.png\" alt=\"Veranstaltungen des IKK, Ausfl\u00fcge\" class=\"wp-image-88\" style=\"aspect-ratio:4\/3;object-fit:cover\" srcset=\"https:\/\/innviertler-kulturkreis.at\/wp-content\/uploads\/2024\/12\/3-1.png 980w, https:\/\/innviertler-kulturkreis.at\/wp-content\/uploads\/2024\/12\/3-1-300x300.png 300w, https:\/\/innviertler-kulturkreis.at\/wp-content\/uploads\/2024\/12\/3-1-100x100.png 100w, https:\/\/innviertler-kulturkreis.at\/wp-content\/uploads\/2024\/12\/3-1-600x600.png 600w, https:\/\/innviertler-kulturkreis.at\/wp-content\/uploads\/2024\/12\/3-1-150x150.png 150w, https:\/\/innviertler-kulturkreis.at\/wp-content\/uploads\/2024\/12\/3-1-768x768.png 768w\" sizes=\"auto, (max-width: 980px) 100vw, 980px\" \/><\/a><figcaption class=\"wp-element-caption\">\u00a9 Innviertler Kulturkeis<\/figcaption><\/figure>\n\n\n\n<h3 class=\"wp-block-heading\"><a href=\"https:\/\/innviertler-kulturkreis.at\/index.php\/kulturfahrten-2025\/\" data-type=\"page\" data-id=\"518\">Kulturfahrten <\/a><\/h3>\n\n\n\n<p class=\"has-medium-font-size\">Fahrten zu au\u00dfergew\u00f6hnlichen Kulturst\u00e4tten, bei denen man Kulturg\u00fcter und Sehensw\u00fcrdigkeiten kennenlernen kann.<\/p>\n\n\n\n<p><\/p>\n\n\n\n<figure class=\"wp-block-image size-full\" style=\"margin-bottom:24px\"><img loading=\"lazy\" decoding=\"async\" width=\"980\" height=\"980\" data-attachment-id=\"90\" data-permalink=\"https:\/\/innviertler-kulturkreis.at\/5-2\/\" data-orig-file=\"https:\/\/innviertler-kulturkreis.at\/wp-content\/uploads\/2024\/12\/5-1.png\" data-orig-size=\"980,980\" data-comments-opened=\"1\" data-image-meta=\"{&quot;aperture&quot;:&quot;0&quot;,&quot;credit&quot;:&quot;&quot;,&quot;camera&quot;:&quot;&quot;,&quot;caption&quot;:&quot;&quot;,&quot;created_timestamp&quot;:&quot;0&quot;,&quot;copyright&quot;:&quot;&quot;,&quot;focal_length&quot;:&quot;0&quot;,&quot;iso&quot;:&quot;0&quot;,&quot;shutter_speed&quot;:&quot;0&quot;,&quot;title&quot;:&quot;&quot;,&quot;orientation&quot;:&quot;0&quot;}\" data-image-title=\"Veranstaltungen des IKK\" data-image-description=\"&lt;p&gt;Veranstaltungen des IKK&lt;\/p&gt;\n\" data-image-caption=\"&lt;p&gt;\u00a9 Innviertler Kulturkreis&lt;\/p&gt;\n\" data-large-file=\"https:\/\/innviertler-kulturkreis.at\/wp-content\/uploads\/2024\/12\/5-1.png\" src=\"https:\/\/host-3896.webhosting.magentabusiness.at\/wp-content\/uploads\/2024\/12\/5-1.png\" alt=\"Veranstaltungen des IKK, Auf dem Bild ist ein Block und der Arm einer Person zu sehen, die etwas auf den Block schreibt\" class=\"wp-image-90\" style=\"aspect-ratio:1.3333333333333333;object-fit:cover\" srcset=\"https:\/\/innviertler-kulturkreis.at\/wp-content\/uploads\/2024\/12\/5-1.png 980w, https:\/\/innviertler-kulturkreis.at\/wp-content\/uploads\/2024\/12\/5-1-300x300.png 300w, https:\/\/innviertler-kulturkreis.at\/wp-content\/uploads\/2024\/12\/5-1-100x100.png 100w, https:\/\/innviertler-kulturkreis.at\/wp-content\/uploads\/2024\/12\/5-1-600x600.png 600w, https:\/\/innviertler-kulturkreis.at\/wp-content\/uploads\/2024\/12\/5-1-150x150.png 150w, https:\/\/innviertler-kulturkreis.at\/wp-content\/uploads\/2024\/12\/5-1-768x768.png 768w\" sizes=\"auto, (max-width: 980px) 100vw, 980px\" \/><figcaption class=\"wp-element-caption\">\u00a9 Pexels<\/figcaption><\/figure>\n\n\n\n<p><\/p>\n\n\n\n<h3 class=\"wp-block-heading\">Hilfestellungen<\/h3>\n\n\n\n<p class=\"has-medium-font-size\">Der Kulturkreis hilft bei historischen Nachforschungen oder der Transkription alter<br>Schriftst\u00fccke weiter.<\/p>\n<\/div>\n\n\n\n<div class=\"wp-block-column is-layout-flow wp-block-column-is-layout-flow\">\n<figure class=\"wp-block-image size-full\" style=\"margin-bottom:24px\"><a href=\"https:\/\/host-3896.webhosting.magentabusiness.at\/index.php\/plakettenverleihung\/\"><img loading=\"lazy\" decoding=\"async\" width=\"980\" height=\"980\" data-attachment-id=\"87\" data-permalink=\"https:\/\/innviertler-kulturkreis.at\/2-2\/\" data-orig-file=\"https:\/\/innviertler-kulturkreis.at\/wp-content\/uploads\/2024\/12\/2-1.png\" data-orig-size=\"980,980\" data-comments-opened=\"1\" data-image-meta=\"{&quot;aperture&quot;:&quot;0&quot;,&quot;credit&quot;:&quot;&quot;,&quot;camera&quot;:&quot;&quot;,&quot;caption&quot;:&quot;&quot;,&quot;created_timestamp&quot;:&quot;0&quot;,&quot;copyright&quot;:&quot;&quot;,&quot;focal_length&quot;:&quot;0&quot;,&quot;iso&quot;:&quot;0&quot;,&quot;shutter_speed&quot;:&quot;0&quot;,&quot;title&quot;:&quot;&quot;,&quot;orientation&quot;:&quot;0&quot;}\" data-image-title=\"Veranstaltungen des IKK\" data-image-description=\"&lt;p&gt;Veranstaltungen des IKK&lt;\/p&gt;\n\" data-image-caption=\"&lt;p&gt;\u00a9 Innviertler Kulturkreis&lt;\/p&gt;\n\" data-large-file=\"https:\/\/innviertler-kulturkreis.at\/wp-content\/uploads\/2024\/12\/2-1.png\" src=\"https:\/\/host-3896.webhosting.magentabusiness.at\/wp-content\/uploads\/2024\/12\/2-1.png\" alt=\"Veranstaltungen des IKK\" class=\"wp-image-87\" style=\"aspect-ratio:4\/3;object-fit:cover\" srcset=\"https:\/\/innviertler-kulturkreis.at\/wp-content\/uploads\/2024\/12\/2-1.png 980w, https:\/\/innviertler-kulturkreis.at\/wp-content\/uploads\/2024\/12\/2-1-300x300.png 300w, https:\/\/innviertler-kulturkreis.at\/wp-content\/uploads\/2024\/12\/2-1-100x100.png 100w, https:\/\/innviertler-kulturkreis.at\/wp-content\/uploads\/2024\/12\/2-1-600x600.png 600w, https:\/\/innviertler-kulturkreis.at\/wp-content\/uploads\/2024\/12\/2-1-150x150.png 150w, https:\/\/innviertler-kulturkreis.at\/wp-content\/uploads\/2024\/12\/2-1-768x768.png 768w\" sizes=\"auto, (max-width: 980px) 100vw, 980px\" \/><\/a><figcaption class=\"wp-element-caption\">\u00a9 Innviertler Kulturkreis<\/figcaption><\/figure>\n\n\n\n<h3 class=\"wp-block-heading\"><a href=\"https:\/\/innviertler-kulturkreis.at\/index.php\/plakettenverleihung\/\" data-type=\"page\" data-id=\"191\">Plaketten-Vergabe<\/a><\/h3>\n\n\n\n<p class=\"has-medium-font-size\">Der IKK vergibt j\u00e4hrlich die Plakette \u201eBleibende Werte f\u00fcrs Innviertel&#8220; als Anerkennung f\u00fcr vorbildlich renovierte Objekte.<\/p>\n\n\n\n<figure class=\"wp-block-image size-full\" style=\"margin-bottom:24px\"><img loading=\"lazy\" decoding=\"async\" width=\"980\" height=\"980\" data-attachment-id=\"89\" data-permalink=\"https:\/\/innviertler-kulturkreis.at\/4-3\/\" data-orig-file=\"https:\/\/innviertler-kulturkreis.at\/wp-content\/uploads\/2024\/12\/4-2.png\" data-orig-size=\"980,980\" data-comments-opened=\"1\" data-image-meta=\"{&quot;aperture&quot;:&quot;0&quot;,&quot;credit&quot;:&quot;&quot;,&quot;camera&quot;:&quot;&quot;,&quot;caption&quot;:&quot;&quot;,&quot;created_timestamp&quot;:&quot;0&quot;,&quot;copyright&quot;:&quot;&quot;,&quot;focal_length&quot;:&quot;0&quot;,&quot;iso&quot;:&quot;0&quot;,&quot;shutter_speed&quot;:&quot;0&quot;,&quot;title&quot;:&quot;&quot;,&quot;orientation&quot;:&quot;0&quot;}\" data-image-title=\"Veranstaltungen des IKK\" data-image-description=\"&lt;p&gt;Veranstaltungen des IKK&lt;\/p&gt;\n\" data-image-caption=\"&lt;p&gt;\u00a9 Innviertler Kulturkreis&lt;\/p&gt;\n\" data-large-file=\"https:\/\/innviertler-kulturkreis.at\/wp-content\/uploads\/2024\/12\/4-2.png\" src=\"https:\/\/host-3896.webhosting.magentabusiness.at\/wp-content\/uploads\/2024\/12\/4-2.png\" alt=\"Veranstaltungen des IKK, Bundwerk-Verleihung\" class=\"wp-image-89\" style=\"aspect-ratio:4\/3;object-fit:cover\" srcset=\"https:\/\/innviertler-kulturkreis.at\/wp-content\/uploads\/2024\/12\/4-2.png 980w, https:\/\/innviertler-kulturkreis.at\/wp-content\/uploads\/2024\/12\/4-2-300x300.png 300w, https:\/\/innviertler-kulturkreis.at\/wp-content\/uploads\/2024\/12\/4-2-100x100.png 100w, https:\/\/innviertler-kulturkreis.at\/wp-content\/uploads\/2024\/12\/4-2-600x600.png 600w, https:\/\/innviertler-kulturkreis.at\/wp-content\/uploads\/2024\/12\/4-2-150x150.png 150w, https:\/\/innviertler-kulturkreis.at\/wp-content\/uploads\/2024\/12\/4-2-768x768.png 768w\" sizes=\"auto, (max-width: 980px) 100vw, 980px\" \/><figcaption class=\"wp-element-caption\">\u00a9 Innviertler Kulturkreis<\/figcaption><\/figure>\n\n\n\n<h3 class=\"wp-block-heading\">Gemeinschaft<\/h3>\n\n\n\n<p class=\"has-medium-font-size\">Nicht zuletzt ist der Innviertler<br>Kulturkreis ein Ort der Begegnung und des<br>Austausches.<\/p>\n<\/div>\n<\/div>\n<\/div>\n\n\n\n<p><\/p>\n","protected":false},"excerpt":{"rendered":"<p>Unsere Angebote Der Innviertler Kulturkreis f\u00f6rdert seit 1977 kulturelle Initiativen und bietet kulturinteressierten Menschen eine breite Palette an Veranstaltungen, Stammtischen und Ausfl\u00fcgen. Zudem wird j\u00e4hrlich die Plakette &#8222;Bleibende Werte f\u00fcrs Innviertel&#8220; verliehen. F\u00f6rderungen des Innviertler Kulturkreises: Heimatkunde-Stammtisch &amp; Ahnenforscher-Treffen Regelm\u00e4\u00dfig veranstalten wir einen Heimatkunde-Stammtisch mit Vortr\u00e4gen und regem Austausch unter Gleichgesinnten. Volksmusik Arbeitskreis f\u00fcr traditionelle [&hellip;]<\/p>\n","protected":false},"author":1,"featured_media":0,"parent":0,"menu_order":0,"comment_status":"closed","ping_status":"closed","template":"page-no-title","meta":{"footnotes":""},"class_list":["post-72","page","type-page","status-publish","hentry"],"publishpress_future_workflow_manual_trigger":{"enabledWorkflows":[]},"_links":{"self":[{"href":"https:\/\/innviertler-kulturkreis.at\/index.php\/wp-json\/wp\/v2\/pages\/72","targetHints":{"allow":["GET"]}}],"collection":[{"href":"https:\/\/innviertler-kulturkreis.at\/index.php\/wp-json\/wp\/v2\/pages"}],"about":[{"href":"https:\/\/innviertler-kulturkreis.at\/index.php\/wp-json\/wp\/v2\/types\/page"}],"author":[{"embeddable":true,"href":"https:\/\/innviertler-kulturkreis.at\/index.php\/wp-json\/wp\/v2\/users\/1"}],"replies":[{"embeddable":true,"href":"https:\/\/innviertler-kulturkreis.at\/index.php\/wp-json\/wp\/v2\/comments?post=72"}],"version-history":[{"count":24,"href":"https:\/\/innviertler-kulturkreis.at\/index.php\/wp-json\/wp\/v2\/pages\/72\/revisions"}],"predecessor-version":[{"id":1686,"href":"https:\/\/innviertler-kulturkreis.at\/index.php\/wp-json\/wp\/v2\/pages\/72\/revisions\/1686"}],"wp:attachment":[{"href":"https:\/\/innviertler-kulturkreis.at\/index.php\/wp-json\/wp\/v2\/media?parent=72"}],"curies":[{"name":"wp","href":"https:\/\/api.w.org\/{rel}","templated":true}]}}