{"id":521,"date":"2024-12-31T10:29:54","date_gmt":"2024-12-31T09:29:54","guid":{"rendered":"https:\/\/innviertler-kulturkreis.at\/?page_id=521"},"modified":"2026-01-11T07:46:07","modified_gmt":"2026-01-11T06:46:07","slug":"volksmusik-2025","status":"publish","type":"page","link":"https:\/\/innviertler-kulturkreis.at\/index.php\/volksmusik-2025\/","title":{"rendered":"Volksmusik 2026"},"content":{"rendered":"\n<div class=\"wp-block-group alignfull is-layout-flow wp-container-core-group-is-layout-f9cb6abc wp-block-group-is-layout-flow\" style=\"margin-top:0;margin-bottom:0\">\n<div class=\"wp-block-columns alignfull is-style-section-2 is-layout-flex wp-container-core-columns-is-layout-d9884270 wp-block-columns-is-layout-flex is-style-section-2--1\" style=\"padding-top:0;padding-bottom:0\">\n<div class=\"wp-block-column is-layout-flow wp-block-column-is-layout-flow\" style=\"flex-basis:50%\">\n<div class=\"wp-block-group is-vertical is-content-justification-stretch is-layout-flex wp-container-core-group-is-layout-098fff0a wp-block-group-is-layout-flex\" style=\"min-height:33vh;padding-top:var(--wp--preset--spacing--50);padding-right:var(--wp--preset--spacing--50);padding-bottom:var(--wp--preset--spacing--50);padding-left:var(--wp--preset--spacing--50)\">\n<h1 class=\"wp-block-heading has-text-align-center has-xx-large-font-size\">Musikanten-Stammtisch<\/h1>\n\n\n\n<p>Wir treffen uns etwa alle zwei Monate mit gleichgesinnten Musikantinnen und Musikanten zum gemeinsamen Musi-Machen in einem Gasthaus.<\/p>\n\n\n\n<p> <br>F\u00fcr n\u00e4here Ausk\u00fcnfte gerne Kontakt bei Organisator: <br><strong>Michael Courten<\/strong><br>Tel. +43 664 \/ 7310 4065<br>Mail: strudelgeiger(at)aon.at<br>www.strudelgeiger.at<\/p>\n<\/div>\n<\/div>\n\n\n\n<div class=\"wp-block-column is-layout-flow wp-block-column-is-layout-flow\" style=\"flex-basis:50%\">\n<figure class=\"wp-block-image size-large\"><img loading=\"lazy\" decoding=\"async\" width=\"1024\" height=\"553\" data-attachment-id=\"1672\" data-permalink=\"https:\/\/innviertler-kulturkreis.at\/index.php\/volksmusik-2025\/innviertler-strudelgeiger-quelle-m-courten\/\" data-orig-file=\"https:\/\/innviertler-kulturkreis.at\/wp-content\/uploads\/2026\/01\/Innviertler-Strudelgeiger-Quelle-M.-Courten--scaled.jpg\" data-orig-size=\"2560,1382\" data-comments-opened=\"1\" data-image-meta=\"{&quot;aperture&quot;:&quot;2&quot;,&quot;credit&quot;:&quot;&quot;,&quot;camera&quot;:&quot;NIKON D850&quot;,&quot;caption&quot;:&quot;&quot;,&quot;created_timestamp&quot;:&quot;1633709205&quot;,&quot;copyright&quot;:&quot;&quot;,&quot;focal_length&quot;:&quot;85&quot;,&quot;iso&quot;:&quot;160&quot;,&quot;shutter_speed&quot;:&quot;0.002&quot;,&quot;title&quot;:&quot;&quot;,&quot;orientation&quot;:&quot;1&quot;}\" data-image-title=\"Innviertler Strudelgeiger Quelle M. Courten\" data-image-description=\"\" data-image-caption=\"&lt;p&gt;M. Courten&lt;\/p&gt;\n\" data-large-file=\"https:\/\/innviertler-kulturkreis.at\/wp-content\/uploads\/2026\/01\/Innviertler-Strudelgeiger-Quelle-M.-Courten--1024x553.jpg\" src=\"https:\/\/innviertler-kulturkreis.at\/wp-content\/uploads\/2026\/01\/Innviertler-Strudelgeiger-Quelle-M.-Courten--1024x553.jpg\" alt=\"M. Courten\" class=\"wp-image-1672\" srcset=\"https:\/\/innviertler-kulturkreis.at\/wp-content\/uploads\/2026\/01\/Innviertler-Strudelgeiger-Quelle-M.-Courten--1024x553.jpg 1024w, https:\/\/innviertler-kulturkreis.at\/wp-content\/uploads\/2026\/01\/Innviertler-Strudelgeiger-Quelle-M.-Courten--300x162.jpg 300w, https:\/\/innviertler-kulturkreis.at\/wp-content\/uploads\/2026\/01\/Innviertler-Strudelgeiger-Quelle-M.-Courten--768x415.jpg 768w, https:\/\/innviertler-kulturkreis.at\/wp-content\/uploads\/2026\/01\/Innviertler-Strudelgeiger-Quelle-M.-Courten--1536x829.jpg 1536w, https:\/\/innviertler-kulturkreis.at\/wp-content\/uploads\/2026\/01\/Innviertler-Strudelgeiger-Quelle-M.-Courten--2048x1106.jpg 2048w, https:\/\/innviertler-kulturkreis.at\/wp-content\/uploads\/2026\/01\/Innviertler-Strudelgeiger-Quelle-M.-Courten--600x324.jpg 600w\" sizes=\"auto, (max-width: 1024px) 100vw, 1024px\" \/><figcaption class=\"wp-element-caption\">\u00a9 M. Courten<\/figcaption><\/figure>\n<\/div>\n<\/div>\n<\/div>\n\n\n\n<h2 class=\"wp-block-heading has-text-align-left\"><strong>S\u00e4nger- und Musikantenwallfahrt<\/strong><\/h2>\n\n\n\n<p>am Samstag, 9. Mai 2026<\/p>\n\n\n\n<p>O\u00d6. Bayr. S\u00e4nger- &amp; Musikantenwallfahrt nach Alt\u00f6tting<\/p>\n\n\n\n<p>Heilige Messe<strong> <\/strong>um 10.30 Uhr. Musikalische Gestaltung. Anschlie\u00dfend Mittagessen<strong> <\/strong>im Gasthof Post, gegen\u00fcber dem Kongregstionssaal, mit gemeinsamem Singen und Musizieren.<\/p>\n\n\n\n<p>Mitveranstalter: Bayrische Heimatkreispflege Alt\u00f6tting und katholische M\u00e4nnerbewegung, Dekanat Mattighofen.<\/p>\n\n\n\n<p>Bitte um Anmeldung bis 2. Mai 2026 bei Frau Gundi Leitner.<\/p>\n\n\n\n<p><strong>Organisation: Gundi Leitner<\/strong><br>Tel. +43 664 7392 58 64<br>Mail: gundi_leitner(at)gmx.at<\/p>\n\n\n\n<figure class=\"wp-block-image size-large\"><img loading=\"lazy\" decoding=\"async\" width=\"1024\" height=\"683\" data-attachment-id=\"1632\" data-permalink=\"https:\/\/innviertler-kulturkreis.at\/index.php\/volksmusik-2025\/kongregationssaal-2\/\" data-orig-file=\"https:\/\/innviertler-kulturkreis.at\/wp-content\/uploads\/2026\/01\/Kongregationssaal-1-scaled.jpg\" data-orig-size=\"2560,1707\" data-comments-opened=\"1\" data-image-meta=\"{&quot;aperture&quot;:&quot;6.7&quot;,&quot;credit&quot;:&quot;Klaus Vierlinger&quot;,&quot;camera&quot;:&quot;Canon EOS 7D Mark II&quot;,&quot;caption&quot;:&quot;Foto: Klaus Vierlinger&quot;,&quot;created_timestamp&quot;:&quot;1757591527&quot;,&quot;copyright&quot;:&quot;Marianische M\\u00e4nnerkonregation Alt\\u00f6tting&quot;,&quot;focal_length&quot;:&quot;11&quot;,&quot;iso&quot;:&quot;640&quot;,&quot;shutter_speed&quot;:&quot;0.011111111111111&quot;,&quot;title&quot;:&quot;Kongregationssaal&quot;,&quot;orientation&quot;:&quot;0&quot;}\" data-image-title=\"Kongregationssaal\" data-image-description=\"\" data-image-caption=\"&lt;p&gt;Foto: Klaus Vierlinger&lt;\/p&gt;\n\" data-large-file=\"https:\/\/innviertler-kulturkreis.at\/wp-content\/uploads\/2026\/01\/Kongregationssaal-1-1024x683.jpg\" src=\"https:\/\/innviertler-kulturkreis.at\/wp-content\/uploads\/2026\/01\/Kongregationssaal-1-1024x683.jpg\" alt=\"\" class=\"wp-image-1632\" srcset=\"https:\/\/innviertler-kulturkreis.at\/wp-content\/uploads\/2026\/01\/Kongregationssaal-1-1024x683.jpg 1024w, https:\/\/innviertler-kulturkreis.at\/wp-content\/uploads\/2026\/01\/Kongregationssaal-1-300x200.jpg 300w, https:\/\/innviertler-kulturkreis.at\/wp-content\/uploads\/2026\/01\/Kongregationssaal-1-768x512.jpg 768w, https:\/\/innviertler-kulturkreis.at\/wp-content\/uploads\/2026\/01\/Kongregationssaal-1-1536x1024.jpg 1536w, https:\/\/innviertler-kulturkreis.at\/wp-content\/uploads\/2026\/01\/Kongregationssaal-1-2048x1365.jpg 2048w, https:\/\/innviertler-kulturkreis.at\/wp-content\/uploads\/2026\/01\/Kongregationssaal-1-600x400.jpg 600w\" sizes=\"auto, (max-width: 1024px) 100vw, 1024px\" \/><figcaption class=\"wp-element-caption\">Foto: Klaus Vierlinger<\/figcaption><\/figure>\n","protected":false},"excerpt":{"rendered":"<p>Musikanten-Stammtisch Wir treffen uns etwa alle zwei Monate mit gleichgesinnten Musikantinnen und Musikanten zum gemeinsamen Musi-Machen in einem Gasthaus. F\u00fcr n\u00e4here Ausk\u00fcnfte gerne Kontakt bei Organisator: Michael CourtenTel. +43 664 \/ 7310 4065Mail: strudelgeiger(at)aon.atwww.strudelgeiger.at S\u00e4nger- und Musikantenwallfahrt am Samstag, 9. Mai 2026 O\u00d6. Bayr. S\u00e4nger- &amp; Musikantenwallfahrt nach Alt\u00f6tting Heilige Messe um 10.30 Uhr. Musikalische [&hellip;]<\/p>\n","protected":false},"author":3,"featured_media":0,"parent":0,"menu_order":0,"comment_status":"closed","ping_status":"closed","template":"page-no-title","meta":{"footnotes":""},"class_list":["post-521","page","type-page","status-publish","hentry"],"publishpress_future_workflow_manual_trigger":{"enabledWorkflows":[]},"_links":{"self":[{"href":"https:\/\/innviertler-kulturkreis.at\/index.php\/wp-json\/wp\/v2\/pages\/521","targetHints":{"allow":["GET"]}}],"collection":[{"href":"https:\/\/innviertler-kulturkreis.at\/index.php\/wp-json\/wp\/v2\/pages"}],"about":[{"href":"https:\/\/innviertler-kulturkreis.at\/index.php\/wp-json\/wp\/v2\/types\/page"}],"author":[{"embeddable":true,"href":"https:\/\/innviertler-kulturkreis.at\/index.php\/wp-json\/wp\/v2\/users\/3"}],"replies":[{"embeddable":true,"href":"https:\/\/innviertler-kulturkreis.at\/index.php\/wp-json\/wp\/v2\/comments?post=521"}],"version-history":[{"count":18,"href":"https:\/\/innviertler-kulturkreis.at\/index.php\/wp-json\/wp\/v2\/pages\/521\/revisions"}],"predecessor-version":[{"id":1675,"href":"https:\/\/innviertler-kulturkreis.at\/index.php\/wp-json\/wp\/v2\/pages\/521\/revisions\/1675"}],"wp:attachment":[{"href":"https:\/\/innviertler-kulturkreis.at\/index.php\/wp-json\/wp\/v2\/media?parent=521"}],"curies":[{"name":"wp","href":"https:\/\/api.w.org\/{rel}","templated":true}]}}