{"id":515,"date":"2024-12-31T10:27:11","date_gmt":"2024-12-31T09:27:11","guid":{"rendered":"https:\/\/innviertler-kulturkreis.at\/?page_id=515"},"modified":"2026-03-22T12:49:29","modified_gmt":"2026-03-22T11:49:29","slug":"heimatkunde-stammtisch-2025","status":"publish","type":"page","link":"https:\/\/innviertler-kulturkreis.at\/index.php\/heimatkunde-stammtisch-2025\/","title":{"rendered":"Heimatkunde-Stammtisch &amp; Ahnenforscher-Treffen 2026"},"content":{"rendered":"\n<div class=\"wp-block-group alignfull is-vertical is-content-justification-center is-layout-flex wp-container-core-group-is-layout-b2969c77 wp-block-group-is-layout-flex\" style=\"margin-top:0;margin-bottom:0\">\n<div class=\"wp-block-columns alignfull are-vertically-aligned-center is-layout-flex wp-container-core-columns-is-layout-288e2404 wp-block-columns-is-layout-flex\" style=\"border-style:none;border-width:0px;border-radius:0px;margin-top:0;margin-bottom:0;padding-top:var(--wp--preset--spacing--40);padding-right:var(--wp--preset--spacing--40);padding-bottom:var(--wp--preset--spacing--80);padding-left:var(--wp--preset--spacing--40)\">\n<div class=\"wp-block-column is-vertically-aligned-center is-style-default has-global-padding is-layout-constrained wp-container-core-column-is-layout-3f223023 wp-block-column-is-layout-constrained\" style=\"border-style:none;border-width:0px;border-radius:0px;padding-top:0;padding-right:0;padding-bottom:0;padding-left:0;flex-basis:100%\">\n<div class=\"wp-block-group is-nowrap is-layout-flex wp-container-core-group-is-layout-6c531013 wp-block-group-is-layout-flex\">\n<p>Im Programm des Innviertler Kulturkreises findet auch heuer der Heimatkunde-Stammtisch,<strong>jeden 2. Dienstag im Monat um 19:30 Uhr beim Steinerwirt in Gundertshausen, <\/strong>statt. Eine Vielfalt an Themen, sowie die Vorstellung einer Gemeinde widmet sich dem Kennenlernen und Bewundern dieses Teiles unserer Heimat.<\/p>\n<\/div>\n\n\n\n<p><\/p>\n\n\n\n<p><\/p>\n\n\n\n<div class=\"wp-block-group is-vertical is-content-justification-stretch is-layout-flex wp-container-core-group-is-layout-7e003bba wp-block-group-is-layout-flex\">\n<h2 class=\"wp-block-heading has-text-align-center\">\u00dcbersicht aller Vortr\u00e4ge im Jahr 2026:<\/h2>\n\n\n\n<p><\/p>\n\n\n\n<ul class=\"wp-block-list\">\n<li><strong>10. M\u00e4rz:<\/strong> <em><strong>Die Gemeinde Lochen stellt sich vor<\/strong> &#8211; Die Geschichte der Gemeinde Lochen und ihre kulturelle, wirtschaftliche und politische Entwicklung bis heute.<\/em> <br>Vortrag von B\u00fcrgermeister Alfred Scherr<\/li>\n<\/ul>\n\n\n\n<figure class=\"wp-block-image size-large\"><img loading=\"lazy\" decoding=\"async\" width=\"1024\" height=\"683\" data-attachment-id=\"1687\" data-permalink=\"https:\/\/innviertler-kulturkreis.at\/index.php\/heimatkunde-stammtisch-2025\/lochen-2\/\" data-orig-file=\"https:\/\/innviertler-kulturkreis.at\/wp-content\/uploads\/2026\/01\/Lochen-2.jpg\" data-orig-size=\"2048,1365\" data-comments-opened=\"1\" data-image-meta=\"{&quot;aperture&quot;:&quot;0&quot;,&quot;credit&quot;:&quot;&quot;,&quot;camera&quot;:&quot;&quot;,&quot;caption&quot;:&quot;&quot;,&quot;created_timestamp&quot;:&quot;0&quot;,&quot;copyright&quot;:&quot;&quot;,&quot;focal_length&quot;:&quot;0&quot;,&quot;iso&quot;:&quot;0&quot;,&quot;shutter_speed&quot;:&quot;0&quot;,&quot;title&quot;:&quot;&quot;,&quot;orientation&quot;:&quot;1&quot;}\" data-image-title=\"Lochen 2\" data-image-description=\"\" data-image-caption=\"\" data-large-file=\"https:\/\/innviertler-kulturkreis.at\/wp-content\/uploads\/2026\/01\/Lochen-2-1024x683.jpg\" src=\"https:\/\/innviertler-kulturkreis.at\/wp-content\/uploads\/2026\/01\/Lochen-2-1024x683.jpg\" alt=\"\" class=\"wp-image-1687\" srcset=\"https:\/\/innviertler-kulturkreis.at\/wp-content\/uploads\/2026\/01\/Lochen-2-1024x683.jpg 1024w, https:\/\/innviertler-kulturkreis.at\/wp-content\/uploads\/2026\/01\/Lochen-2-300x200.jpg 300w, https:\/\/innviertler-kulturkreis.at\/wp-content\/uploads\/2026\/01\/Lochen-2-768x512.jpg 768w, https:\/\/innviertler-kulturkreis.at\/wp-content\/uploads\/2026\/01\/Lochen-2-1536x1024.jpg 1536w, https:\/\/innviertler-kulturkreis.at\/wp-content\/uploads\/2026\/01\/Lochen-2-600x400.jpg 600w, https:\/\/innviertler-kulturkreis.at\/wp-content\/uploads\/2026\/01\/Lochen-2.jpg 2048w\" sizes=\"auto, (max-width: 1024px) 100vw, 1024px\" \/><figcaption class=\"wp-element-caption\">\u00a9 sky blue Salzburg<\/figcaption><\/figure>\n\n\n\n<ul class=\"wp-block-list\">\n<li><strong>14. April: <\/strong><em><strong>Der Bauernkrieg <\/strong>&#8211; Als Adam grub und Eva spann, wo blieb da der Edelmann? Die Situation der Bauern und die Ursachen, die zu 74 Bauernkriegen in Europa f\u00fchrten. <\/em><br>Vortrag von Prof. Franz Seiser<br><\/li>\n<\/ul>\n\n\n\n<figure class=\"wp-block-image size-full\"><img loading=\"lazy\" decoding=\"async\" width=\"624\" height=\"444\" data-attachment-id=\"1615\" data-permalink=\"https:\/\/innviertler-kulturkreis.at\/index.php\/heimatkunde-stammtisch-2025\/frankenburger-wuerfelspiel\/\" data-orig-file=\"https:\/\/innviertler-kulturkreis.at\/wp-content\/uploads\/2026\/01\/Frankenburger-Wuerfelspiel.jpg\" data-orig-size=\"624,444\" data-comments-opened=\"1\" data-image-meta=\"{&quot;aperture&quot;:&quot;0&quot;,&quot;credit&quot;:&quot;&quot;,&quot;camera&quot;:&quot;&quot;,&quot;caption&quot;:&quot;&quot;,&quot;created_timestamp&quot;:&quot;0&quot;,&quot;copyright&quot;:&quot;&quot;,&quot;focal_length&quot;:&quot;0&quot;,&quot;iso&quot;:&quot;0&quot;,&quot;shutter_speed&quot;:&quot;0&quot;,&quot;title&quot;:&quot;&quot;,&quot;orientation&quot;:&quot;0&quot;}\" data-image-title=\"Frankenburger Wu\u0308rfelspiel\" data-image-description=\"\" data-image-caption=\"\" data-large-file=\"https:\/\/innviertler-kulturkreis.at\/wp-content\/uploads\/2026\/01\/Frankenburger-Wuerfelspiel.jpg\" src=\"https:\/\/innviertler-kulturkreis.at\/wp-content\/uploads\/2026\/01\/Frankenburger-Wuerfelspiel.jpg\" alt=\"\" class=\"wp-image-1615\" srcset=\"https:\/\/innviertler-kulturkreis.at\/wp-content\/uploads\/2026\/01\/Frankenburger-Wuerfelspiel.jpg 624w, https:\/\/innviertler-kulturkreis.at\/wp-content\/uploads\/2026\/01\/Frankenburger-Wuerfelspiel-300x213.jpg 300w, https:\/\/innviertler-kulturkreis.at\/wp-content\/uploads\/2026\/01\/Frankenburger-Wuerfelspiel-600x427.jpg 600w\" sizes=\"auto, (max-width: 624px) 100vw, 624px\" \/><figcaption class=\"wp-element-caption\">\u00a9 Frankenburger W\u00fcrfelspiel \/ Wikipedia, Gerhard Anzinger, CC BY-SA 2.5<\/figcaption><\/figure>\n\n\n\n<ul class=\"wp-block-list\">\n<li><strong>12. Mai:<\/strong> <em><strong>Historischer Atlas von Bayern <\/strong>&#8211; Vorstellung des letzten, im vorigen Jahr, fertiggestellten Bandes der die schon seit 1752 bestehenden G\u00fcter der Landgerichte des s\u00fcdlichen Innviertels behandelt. <\/em><br>Vortrag von Dr. Gerhard Schwendner<\/li>\n<\/ul>\n\n\n\n<figure class=\"wp-block-image size-full\"><img loading=\"lazy\" decoding=\"async\" width=\"600\" height=\"450\" data-attachment-id=\"1616\" data-permalink=\"https:\/\/innviertler-kulturkreis.at\/index.php\/heimatkunde-stammtisch-2025\/dr-gerhard-schwendner\/\" data-orig-file=\"https:\/\/innviertler-kulturkreis.at\/wp-content\/uploads\/2026\/01\/Dr.-Gerhard-Schwendner-.jpg\" data-orig-size=\"600,450\" data-comments-opened=\"1\" data-image-meta=\"{&quot;aperture&quot;:&quot;5.6&quot;,&quot;credit&quot;:&quot;&quot;,&quot;camera&quot;:&quot;NX10&quot;,&quot;caption&quot;:&quot;&quot;,&quot;created_timestamp&quot;:&quot;1521898130&quot;,&quot;copyright&quot;:&quot;&quot;,&quot;focal_length&quot;:&quot;55&quot;,&quot;iso&quot;:&quot;800&quot;,&quot;shutter_speed&quot;:&quot;0.025&quot;,&quot;title&quot;:&quot;&quot;,&quot;orientation&quot;:&quot;1&quot;}\" data-image-title=\"Dr. Gerhard Schwendner\" data-image-description=\"\" data-image-caption=\"\" data-large-file=\"https:\/\/innviertler-kulturkreis.at\/wp-content\/uploads\/2026\/01\/Dr.-Gerhard-Schwendner-.jpg\" src=\"https:\/\/innviertler-kulturkreis.at\/wp-content\/uploads\/2026\/01\/Dr.-Gerhard-Schwendner-.jpg\" alt=\"\" class=\"wp-image-1616\" srcset=\"https:\/\/innviertler-kulturkreis.at\/wp-content\/uploads\/2026\/01\/Dr.-Gerhard-Schwendner-.jpg 600w, https:\/\/innviertler-kulturkreis.at\/wp-content\/uploads\/2026\/01\/Dr.-Gerhard-Schwendner--300x225.jpg 300w\" sizes=\"auto, (max-width: 600px) 100vw, 600px\" \/><figcaption class=\"wp-element-caption\">\u00a9 Dr. Schwendner privat<\/figcaption><\/figure>\n\n\n\n<ul class=\"wp-block-list\">\n<li><strong>9. Juni<\/strong>: <em><strong>Warum ein europ\u00e4ischer Erbfolgekrieg Bayern in Brand setzte <\/strong>&#8211; Im November 1705 ger\u00e4t Braunau in den Strudel europ\u00e4ischer Verwicklungen. Es stehen sich feindlich gegen\u00fcber, Graf v. Tattenbach und Plinganser. Noch drei Jahre zuvor waren beide treue B\u00fcrger ihres geliebten Landesherrn Kurf\u00fcrst Max Emmanuel.<\/em><br>Vortrag von Prof. Mag. Annegret Ritzinger<\/li>\n<\/ul>\n\n\n\n<figure class=\"wp-block-image size-large\"><img loading=\"lazy\" decoding=\"async\" width=\"1024\" height=\"892\" data-attachment-id=\"1617\" data-permalink=\"https:\/\/innviertler-kulturkreis.at\/index.php\/heimatkunde-stammtisch-2025\/creator-gd-jpeg-v1-0-using-ijg-jpeg-v62-quality-88\/\" data-orig-file=\"https:\/\/innviertler-kulturkreis.at\/wp-content\/uploads\/2026\/01\/Vendome-and-PhilipV.jpg\" data-orig-size=\"2561,2230\" data-comments-opened=\"1\" data-image-meta=\"{&quot;aperture&quot;:&quot;0&quot;,&quot;credit&quot;:&quot;&quot;,&quot;camera&quot;:&quot;&quot;,&quot;caption&quot;:&quot;CREATOR: gd-jpeg v1.0 (using IJG JPEG v62), quality = 88&quot;,&quot;created_timestamp&quot;:&quot;0&quot;,&quot;copyright&quot;:&quot;&quot;,&quot;focal_length&quot;:&quot;0&quot;,&quot;iso&quot;:&quot;0&quot;,&quot;shutter_speed&quot;:&quot;0&quot;,&quot;title&quot;:&quot;CREATOR: gd-jpeg v1.0 (using IJG JPEG v62), quality = 88&quot;,&quot;orientation&quot;:&quot;1&quot;}\" data-image-title=\"CREATOR: gd-jpeg v1.0 (using IJG JPEG v62), quality = 88\" data-image-description=\"\" data-image-caption=\"&lt;p&gt;CREATOR: gd-jpeg v1.0 (using IJG JPEG v62), quality = 88&lt;\/p&gt;\n\" data-large-file=\"https:\/\/innviertler-kulturkreis.at\/wp-content\/uploads\/2026\/01\/Vendome-and-PhilipV-1024x892.jpg\" src=\"https:\/\/innviertler-kulturkreis.at\/wp-content\/uploads\/2026\/01\/Vendome-and-PhilipV-1024x892.jpg\" alt=\"\" class=\"wp-image-1617\" srcset=\"https:\/\/innviertler-kulturkreis.at\/wp-content\/uploads\/2026\/01\/Vendome-and-PhilipV-1024x892.jpg 1024w, https:\/\/innviertler-kulturkreis.at\/wp-content\/uploads\/2026\/01\/Vendome-and-PhilipV-300x261.jpg 300w, https:\/\/innviertler-kulturkreis.at\/wp-content\/uploads\/2026\/01\/Vendome-and-PhilipV-768x669.jpg 768w, https:\/\/innviertler-kulturkreis.at\/wp-content\/uploads\/2026\/01\/Vendome-and-PhilipV-1536x1337.jpg 1536w, https:\/\/innviertler-kulturkreis.at\/wp-content\/uploads\/2026\/01\/Vendome-and-PhilipV-2048x1783.jpg 2048w, https:\/\/innviertler-kulturkreis.at\/wp-content\/uploads\/2026\/01\/Vendome-and-PhilipV-600x522.jpg 600w\" sizes=\"auto, (max-width: 1024px) 100vw, 1024px\" \/><figcaption class=\"wp-element-caption\">\u00a9 Public Domain<\/figcaption><\/figure>\n\n\n\n<ul class=\"wp-block-list\">\n<li><strong>8. September:<\/strong> <em><strong>Im Echo der Vergessenen <\/strong>&#8211; Ein Reisebericht \u00fcber die Schaupl\u00e4tze der Ardennenoffensive und die Kl\u00e4rung des Schicksals des Gefreiten Maximilian Leopoldseder, der 1944 in Luxemburg gefallen ist. <\/em><br>Vortrag mit Videobeitrag von Elisabeth Trauner, Bakk.Komm.<\/li>\n<\/ul>\n\n\n\n<figure class=\"wp-block-image size-large\"><img loading=\"lazy\" decoding=\"async\" width=\"699\" height=\"1024\" data-attachment-id=\"1618\" data-permalink=\"https:\/\/innviertler-kulturkreis.at\/index.php\/heimatkunde-stammtisch-2025\/maximilian-leopoldseder\/\" data-orig-file=\"https:\/\/innviertler-kulturkreis.at\/wp-content\/uploads\/2026\/01\/Maximilian-Leopoldseder.png\" data-orig-size=\"1004,1470\" data-comments-opened=\"1\" data-image-meta=\"{&quot;aperture&quot;:&quot;0&quot;,&quot;credit&quot;:&quot;&quot;,&quot;camera&quot;:&quot;&quot;,&quot;caption&quot;:&quot;&quot;,&quot;created_timestamp&quot;:&quot;0&quot;,&quot;copyright&quot;:&quot;&quot;,&quot;focal_length&quot;:&quot;0&quot;,&quot;iso&quot;:&quot;0&quot;,&quot;shutter_speed&quot;:&quot;0&quot;,&quot;title&quot;:&quot;&quot;,&quot;orientation&quot;:&quot;0&quot;}\" data-image-title=\"Maximilian Leopoldseder\" data-image-description=\"\" data-image-caption=\"\" data-large-file=\"https:\/\/innviertler-kulturkreis.at\/wp-content\/uploads\/2026\/01\/Maximilian-Leopoldseder-699x1024.png\" src=\"https:\/\/innviertler-kulturkreis.at\/wp-content\/uploads\/2026\/01\/Maximilian-Leopoldseder-699x1024.png\" alt=\"\" class=\"wp-image-1618\" srcset=\"https:\/\/innviertler-kulturkreis.at\/wp-content\/uploads\/2026\/01\/Maximilian-Leopoldseder-699x1024.png 699w, https:\/\/innviertler-kulturkreis.at\/wp-content\/uploads\/2026\/01\/Maximilian-Leopoldseder-205x300.png 205w, https:\/\/innviertler-kulturkreis.at\/wp-content\/uploads\/2026\/01\/Maximilian-Leopoldseder-768x1124.png 768w, https:\/\/innviertler-kulturkreis.at\/wp-content\/uploads\/2026\/01\/Maximilian-Leopoldseder-600x878.png 600w, https:\/\/innviertler-kulturkreis.at\/wp-content\/uploads\/2026\/01\/Maximilian-Leopoldseder.png 1004w\" sizes=\"auto, (max-width: 699px) 100vw, 699px\" \/><figcaption class=\"wp-element-caption\">\u00a9 Maximilian Leopoldseder \/ Elisabeth Trauner<\/figcaption><\/figure>\n\n\n\n<div class=\"wp-block-group is-nowrap is-layout-flex wp-container-core-group-is-layout-6c531013 wp-block-group-is-layout-flex\">\n<ul class=\"wp-block-list\">\n<li><strong>13. Oktober: <\/strong><em><strong>Auf den Spuren des Heiligen Franz von Assisi <\/strong>&#8211; Wanderreise auf der Rom-Route des Franziskusweges. &#8222;La Via di Francesco&#8220;<\/em><br>Vortrag von Adolf Falb<\/li>\n<\/ul>\n<\/div>\n\n\n\n<figure class=\"wp-block-image size-large\"><img loading=\"lazy\" decoding=\"async\" width=\"1024\" height=\"764\" data-attachment-id=\"1619\" data-permalink=\"https:\/\/innviertler-kulturkreis.at\/index.php\/heimatkunde-stammtisch-2025\/konica-minolta-digital-camera\/\" data-orig-file=\"https:\/\/innviertler-kulturkreis.at\/wp-content\/uploads\/2026\/01\/Franz-von-Assisi-scaled.jpg\" data-orig-size=\"2560,1910\" data-comments-opened=\"1\" data-image-meta=\"{&quot;aperture&quot;:&quot;5.6&quot;,&quot;credit&quot;:&quot;&quot;,&quot;camera&quot;:&quot;DiMAGE A2&quot;,&quot;caption&quot;:&quot;KONICA MINOLTA DIGITAL CAMERA&quot;,&quot;created_timestamp&quot;:&quot;1209833493&quot;,&quot;copyright&quot;:&quot;&quot;,&quot;focal_length&quot;:&quot;7.21484375&quot;,&quot;iso&quot;:&quot;64&quot;,&quot;shutter_speed&quot;:&quot;0.004&quot;,&quot;title&quot;:&quot;KONICA MINOLTA DIGITAL CAMERA&quot;,&quot;orientation&quot;:&quot;0&quot;}\" data-image-title=\"KONICA MINOLTA DIGITAL CAMERA\" data-image-description=\"\" data-image-caption=\"&lt;p&gt;KONICA MINOLTA DIGITAL CAMERA&lt;\/p&gt;\n\" data-large-file=\"https:\/\/innviertler-kulturkreis.at\/wp-content\/uploads\/2026\/01\/Franz-von-Assisi-1024x764.jpg\" src=\"https:\/\/innviertler-kulturkreis.at\/wp-content\/uploads\/2026\/01\/Franz-von-Assisi-1024x764.jpg\" alt=\"\" class=\"wp-image-1619\" srcset=\"https:\/\/innviertler-kulturkreis.at\/wp-content\/uploads\/2026\/01\/Franz-von-Assisi-1024x764.jpg 1024w, https:\/\/innviertler-kulturkreis.at\/wp-content\/uploads\/2026\/01\/Franz-von-Assisi-300x224.jpg 300w, https:\/\/innviertler-kulturkreis.at\/wp-content\/uploads\/2026\/01\/Franz-von-Assisi-768x573.jpg 768w, https:\/\/innviertler-kulturkreis.at\/wp-content\/uploads\/2026\/01\/Franz-von-Assisi-1536x1146.jpg 1536w, https:\/\/innviertler-kulturkreis.at\/wp-content\/uploads\/2026\/01\/Franz-von-Assisi-2048x1528.jpg 2048w, https:\/\/innviertler-kulturkreis.at\/wp-content\/uploads\/2026\/01\/Franz-von-Assisi-600x448.jpg 600w\" sizes=\"auto, (max-width: 1024px) 100vw, 1024px\" \/><figcaption class=\"wp-element-caption\">\u00a9 Adolf Falb<\/figcaption><\/figure>\n\n\n\n<ul class=\"wp-block-list\">\n<li><strong>10. November:<\/strong> <em><strong>Bleibende Werte f\u00fcr&#8217;s Innviertel<\/strong> &#8211; Ein einzigartiges Filmdokument von 1982 bis 1992 \u00fcber die Verleihung der ersten 19 Plaketten &#8222;Bleibende Werte f\u00fcr&#8217;s Innviertel&#8220;<\/em><br>Vortrag von H.P. Schaller<\/li>\n<\/ul>\n\n\n\n<figure class=\"wp-block-image size-large\"><img loading=\"lazy\" decoding=\"async\" width=\"1024\" height=\"691\" data-attachment-id=\"1620\" data-permalink=\"https:\/\/innviertler-kulturkreis.at\/index.php\/heimatkunde-stammtisch-2025\/perwang-5\/\" data-orig-file=\"https:\/\/innviertler-kulturkreis.at\/wp-content\/uploads\/2026\/01\/Perwang-5-.jpg\" data-orig-size=\"1714,1157\" data-comments-opened=\"1\" data-image-meta=\"{&quot;aperture&quot;:&quot;0&quot;,&quot;credit&quot;:&quot;&quot;,&quot;camera&quot;:&quot;&quot;,&quot;caption&quot;:&quot;&quot;,&quot;created_timestamp&quot;:&quot;1612558459&quot;,&quot;copyright&quot;:&quot;&quot;,&quot;focal_length&quot;:&quot;0&quot;,&quot;iso&quot;:&quot;0&quot;,&quot;shutter_speed&quot;:&quot;0&quot;,&quot;title&quot;:&quot;&quot;,&quot;orientation&quot;:&quot;1&quot;}\" data-image-title=\"Perwang 5\" data-image-description=\"\" data-image-caption=\"\" data-large-file=\"https:\/\/innviertler-kulturkreis.at\/wp-content\/uploads\/2026\/01\/Perwang-5--1024x691.jpg\" src=\"https:\/\/innviertler-kulturkreis.at\/wp-content\/uploads\/2026\/01\/Perwang-5--1024x691.jpg\" alt=\"\" class=\"wp-image-1620\" srcset=\"https:\/\/innviertler-kulturkreis.at\/wp-content\/uploads\/2026\/01\/Perwang-5--1024x691.jpg 1024w, https:\/\/innviertler-kulturkreis.at\/wp-content\/uploads\/2026\/01\/Perwang-5--300x203.jpg 300w, https:\/\/innviertler-kulturkreis.at\/wp-content\/uploads\/2026\/01\/Perwang-5--768x518.jpg 768w, https:\/\/innviertler-kulturkreis.at\/wp-content\/uploads\/2026\/01\/Perwang-5--1536x1037.jpg 1536w, https:\/\/innviertler-kulturkreis.at\/wp-content\/uploads\/2026\/01\/Perwang-5--600x405.jpg 600w, https:\/\/innviertler-kulturkreis.at\/wp-content\/uploads\/2026\/01\/Perwang-5-.jpg 1714w\" sizes=\"auto, (max-width: 1024px) 100vw, 1024px\" \/><figcaption class=\"wp-element-caption\">\u00a9 Archiv IKK<\/figcaption><\/figure>\n<\/div>\n<\/div>\n<\/div>\n\n\n\n<h1 class=\"wp-block-heading\">Detektiv in eigener Sache: Ahnenforscher-Treffen 2026<\/h1>\n<\/div>\n\n\n\n<figure class=\"wp-block-image size-large\"><img loading=\"lazy\" decoding=\"async\" width=\"1024\" height=\"625\" data-attachment-id=\"1638\" data-permalink=\"https:\/\/innviertler-kulturkreis.at\/index.php\/kulturfahrten-2025\/pexels-pixabay-355713-3\/\" data-orig-file=\"https:\/\/innviertler-kulturkreis.at\/wp-content\/uploads\/2026\/01\/pexels-pixabay-355713-2-scaled.jpg\" data-orig-size=\"2560,1561\" data-comments-opened=\"1\" data-image-meta=\"{&quot;aperture&quot;:&quot;0&quot;,&quot;credit&quot;:&quot;&quot;,&quot;camera&quot;:&quot;&quot;,&quot;caption&quot;:&quot;&quot;,&quot;created_timestamp&quot;:&quot;0&quot;,&quot;copyright&quot;:&quot;&quot;,&quot;focal_length&quot;:&quot;0&quot;,&quot;iso&quot;:&quot;0&quot;,&quot;shutter_speed&quot;:&quot;0&quot;,&quot;title&quot;:&quot;&quot;,&quot;orientation&quot;:&quot;0&quot;}\" data-image-title=\"pexels-pixabay-355713\" data-image-description=\"\" data-image-caption=\"\" data-large-file=\"https:\/\/innviertler-kulturkreis.at\/wp-content\/uploads\/2026\/01\/pexels-pixabay-355713-2-1024x625.jpg\" src=\"https:\/\/innviertler-kulturkreis.at\/wp-content\/uploads\/2026\/01\/pexels-pixabay-355713-2-1024x625.jpg\" alt=\"\" class=\"wp-image-1638\" srcset=\"https:\/\/innviertler-kulturkreis.at\/wp-content\/uploads\/2026\/01\/pexels-pixabay-355713-2-1024x625.jpg 1024w, https:\/\/innviertler-kulturkreis.at\/wp-content\/uploads\/2026\/01\/pexels-pixabay-355713-2-300x183.jpg 300w, https:\/\/innviertler-kulturkreis.at\/wp-content\/uploads\/2026\/01\/pexels-pixabay-355713-2-768x468.jpg 768w, https:\/\/innviertler-kulturkreis.at\/wp-content\/uploads\/2026\/01\/pexels-pixabay-355713-2-1536x937.jpg 1536w, https:\/\/innviertler-kulturkreis.at\/wp-content\/uploads\/2026\/01\/pexels-pixabay-355713-2-2048x1249.jpg 2048w, https:\/\/innviertler-kulturkreis.at\/wp-content\/uploads\/2026\/01\/pexels-pixabay-355713-2-600x366.jpg 600w\" sizes=\"auto, (max-width: 1024px) 100vw, 1024px\" \/><figcaption class=\"wp-element-caption\">\u00a9 Pexels \/ Pixabay<\/figcaption><\/figure>\n\n\n\n<p>Wir treffen uns vier mal im Jahr. Die genauen Termine werden von Organisator Hans Welles noch rechtzeitig bekannt gegeben.<\/p>\n\n\n\n<p><\/p>\n","protected":false},"excerpt":{"rendered":"<p>Im Programm des Innviertler Kulturkreises findet auch heuer der Heimatkunde-Stammtisch,jeden 2. Dienstag im Monat um 19:30 Uhr beim Steinerwirt in Gundertshausen, statt. Eine Vielfalt an Themen, sowie die Vorstellung einer Gemeinde widmet sich dem Kennenlernen und Bewundern dieses Teiles unserer Heimat. \u00dcbersicht aller Vortr\u00e4ge im Jahr 2026: Detektiv in eigener Sache: Ahnenforscher-Treffen 2026 Wir treffen [&hellip;]<\/p>\n","protected":false},"author":3,"featured_media":0,"parent":0,"menu_order":0,"comment_status":"closed","ping_status":"closed","template":"","meta":{"footnotes":""},"class_list":["post-515","page","type-page","status-publish","hentry"],"publishpress_future_workflow_manual_trigger":{"enabledWorkflows":[]},"_links":{"self":[{"href":"https:\/\/innviertler-kulturkreis.at\/index.php\/wp-json\/wp\/v2\/pages\/515","targetHints":{"allow":["GET"]}}],"collection":[{"href":"https:\/\/innviertler-kulturkreis.at\/index.php\/wp-json\/wp\/v2\/pages"}],"about":[{"href":"https:\/\/innviertler-kulturkreis.at\/index.php\/wp-json\/wp\/v2\/types\/page"}],"author":[{"embeddable":true,"href":"https:\/\/innviertler-kulturkreis.at\/index.php\/wp-json\/wp\/v2\/users\/3"}],"replies":[{"embeddable":true,"href":"https:\/\/innviertler-kulturkreis.at\/index.php\/wp-json\/wp\/v2\/comments?post=515"}],"version-history":[{"count":47,"href":"https:\/\/innviertler-kulturkreis.at\/index.php\/wp-json\/wp\/v2\/pages\/515\/revisions"}],"predecessor-version":[{"id":1823,"href":"https:\/\/innviertler-kulturkreis.at\/index.php\/wp-json\/wp\/v2\/pages\/515\/revisions\/1823"}],"wp:attachment":[{"href":"https:\/\/innviertler-kulturkreis.at\/index.php\/wp-json\/wp\/v2\/media?parent=515"}],"curies":[{"name":"wp","href":"https:\/\/api.w.org\/{rel}","templated":true}]}}