{"id":114,"date":"2024-12-27T20:26:51","date_gmt":"2024-12-27T19:26:51","guid":{"rendered":"https:\/\/host-3896.webhosting.magentabusiness.at\/?page_id=114"},"modified":"2026-02-08T08:52:37","modified_gmt":"2026-02-08T07:52:37","slug":"ueber-uns","status":"publish","type":"page","link":"https:\/\/innviertler-kulturkreis.at\/index.php\/ueber-uns\/","title":{"rendered":"\u00dcber uns"},"content":{"rendered":"\n<h2 class=\"wp-block-heading has-text-align-center\"><strong>Wir stellen uns vor<\/strong><\/h2>\n\n\n\n<figure class=\"wp-block-image size-full\"><img loading=\"lazy\" decoding=\"async\" width=\"940\" height=\"788\" data-attachment-id=\"393\" data-permalink=\"https:\/\/innviertler-kulturkreis.at\/index.php\/ueber-uns\/unserteam\/\" data-orig-file=\"https:\/\/innviertler-kulturkreis.at\/wp-content\/uploads\/2024\/12\/UnserTeam.jpg\" data-orig-size=\"940,788\" data-comments-opened=\"0\" data-image-meta=\"{&quot;aperture&quot;:&quot;0&quot;,&quot;credit&quot;:&quot;&quot;,&quot;camera&quot;:&quot;&quot;,&quot;caption&quot;:&quot;&quot;,&quot;created_timestamp&quot;:&quot;0&quot;,&quot;copyright&quot;:&quot;&quot;,&quot;focal_length&quot;:&quot;0&quot;,&quot;iso&quot;:&quot;0&quot;,&quot;shutter_speed&quot;:&quot;0&quot;,&quot;title&quot;:&quot;&quot;,&quot;orientation&quot;:&quot;0&quot;}\" data-image-title=\"Unser Team\" data-image-description=\"\" data-image-caption=\"&lt;p&gt;IKK&lt;\/p&gt;\n\" data-large-file=\"https:\/\/innviertler-kulturkreis.at\/wp-content\/uploads\/2024\/12\/UnserTeam.jpg\" src=\"https:\/\/host-3896.webhosting.magentabusiness.at\/wp-content\/uploads\/2024\/12\/UnserTeam.jpg\" alt=\"Team &amp; Motto\" class=\"wp-image-393\" srcset=\"https:\/\/innviertler-kulturkreis.at\/wp-content\/uploads\/2024\/12\/UnserTeam.jpg 940w, https:\/\/innviertler-kulturkreis.at\/wp-content\/uploads\/2024\/12\/UnserTeam-300x251.jpg 300w, https:\/\/innviertler-kulturkreis.at\/wp-content\/uploads\/2024\/12\/UnserTeam-768x644.jpg 768w, https:\/\/innviertler-kulturkreis.at\/wp-content\/uploads\/2024\/12\/UnserTeam-600x503.jpg 600w\" sizes=\"auto, (max-width: 940px) 100vw, 940px\" \/><figcaption class=\"wp-element-caption\">\u00a9 IKK<\/figcaption><\/figure>\n\n\n\n<p><strong>Innviertler Kulturkreis (IKK) &#8211; Verein zur F\u00f6rderung kultureller Initiativen im O\u00d6 VBW. Gegr\u00fcndet 1977. <\/strong><\/p>\n\n\n\n<p>Der IKK hat \u00fcber 500 Mitglieder einschlie\u00dflich aller Gemeinden des Bezirks Braunau.&nbsp;Die Angebote sind vielf\u00e4ltig:  Neben der Herausgabe von \u201eDas Bundwerk\u201c gibt es regelm\u00e4\u00dfig beim Steinerwirt in Gundertshausen einen Heimatkunde-Stammtisch mit Fahrten zu au\u00dfergew\u00f6hnlichen Kulturst\u00e4tten. Weiters vergibt der Kulturkreis j\u00e4hrlich die Plakette \u201eBleibende Werte f\u00fcrs Innviertel\u201c als Anerkennung f\u00fcr vorbildlich renovierte Objekte. Nicht zu vergessen ist auch der musikalische Zweig des Kulturkreises, der sich um die lokale Lied- und Musikpflege k\u00fcmmert.<\/p>\n\n\n\n<p><em>Vorstand und Funktionen:<\/em><\/p>\n\n\n\n<p><strong>Obmann:<\/strong> BR Ferdinand Tiefnig<\/p>\n\n\n\n<p><strong>Obm.Stv. und Bundwerk-Redakteur:<\/strong> Johann Welles<\/p>\n\n\n\n<p><strong>Obm.Stv. und Referentin f\u00fcr Volksmusik, Volkslied und Volkstannz:<\/strong> Kons. Anny Kaufmann<\/p>\n\n\n\n<p><strong>Schriftf\u00fchrerin:<\/strong> Maria Braid<\/p>\n\n\n\n<p><strong>Schriftf\u00fchrerstv.:&nbsp;<\/strong>Franz Salzlechner<\/p>\n\n\n\n<p><strong>Kassier:<\/strong> Karl Gann<\/p>\n\n\n\n<p><strong>Kassierstv.:<\/strong> Peter Schmitzberger<\/p>\n\n\n\n<p><em>Erweiterter Vorstand und Funktionen:<\/em><\/p>\n\n\n\n<p><strong>Beirat \/ Mitgliederverwaltung:<\/strong> Stefan Kreuzeder<\/p>\n\n\n\n<p><strong>Beirat \/ Ehrenobmann:<\/strong> Kons. Herbert Stadler<\/p>\n\n\n\n<p><strong>Beirat \/ Leader-Obmann: <\/strong>Bgm. Albert Troppmair<\/p>\n\n\n\n<p><strong>Referent f\u00fcr Heimatkunde, Stammtisch und Familienforschung:<\/strong> Johann Welles<\/p>\n\n\n\n<p><strong>Redaktion Bundwerk:\u00a0<\/strong> Norbert Stangl<\/p>\n\n\n\n<p><strong>Mitarbeit Mitgliederverwaltung: <\/strong>Peter Schmitzberger<\/p>\n\n\n\n<p><strong>Mitarbeit \u00d6ffentlichkeitsarbeit:<\/strong> Dr. Franz Maier<\/p>\n\n\n\n<p><strong>Mitarbeit \u00d6ffentlichkeitsarbeit:<\/strong> Bakk.Komm. Elisabeth Trauner<\/p>\n\n\n\n<p><strong>Mitarbeit \u00d6ffentlichkeitsarbeit:<\/strong> Norbert Stangl<\/p>\n\n\n\n<p><strong>Referent Plakette:<\/strong> Ma. Ba. Sebastian Mitterbauer<\/p>\n\n\n\n<p><strong>Organisation Wallfahrt:<\/strong> Gundi Leitner<\/p>\n\n\n\n<p><strong>Rechnungspr\u00fcfung:<\/strong> Ing. Rudolf Mitterbauer<\/p>\n\n\n\n<p><strong>Rechnungspr\u00fcfung: <\/strong>Kons. G\u00fcnter Pointinger<\/p>\n\n\n\n<p><strong>Referent Plakette:<\/strong> Josef Gann<\/p>\n\n\n\n<p><strong>Referent Heimatkunde:<\/strong> OSR, Mag. Michael Stabauer<\/p>\n\n\n\n<p><strong>Webmaster:<\/strong> Robert Z\u00f6pfl<\/p>\n\n\n\n<p><\/p>\n","protected":false},"excerpt":{"rendered":"<p>Wir stellen uns vor Innviertler Kulturkreis (IKK) &#8211; Verein zur F\u00f6rderung kultureller Initiativen im O\u00d6 VBW. Gegr\u00fcndet 1977. Der IKK hat \u00fcber 500 Mitglieder einschlie\u00dflich aller Gemeinden des Bezirks Braunau.&nbsp;Die Angebote sind vielf\u00e4ltig: Neben der Herausgabe von \u201eDas Bundwerk\u201c gibt es regelm\u00e4\u00dfig beim Steinerwirt in Gundertshausen einen Heimatkunde-Stammtisch mit Fahrten zu au\u00dfergew\u00f6hnlichen Kulturst\u00e4tten. Weiters vergibt [&hellip;]<\/p>\n","protected":false},"author":1,"featured_media":0,"parent":0,"menu_order":0,"comment_status":"closed","ping_status":"closed","template":"page-no-title","meta":{"footnotes":""},"class_list":["post-114","page","type-page","status-publish","hentry"],"publishpress_future_workflow_manual_trigger":{"enabledWorkflows":[]},"_links":{"self":[{"href":"https:\/\/innviertler-kulturkreis.at\/index.php\/wp-json\/wp\/v2\/pages\/114","targetHints":{"allow":["GET"]}}],"collection":[{"href":"https:\/\/innviertler-kulturkreis.at\/index.php\/wp-json\/wp\/v2\/pages"}],"about":[{"href":"https:\/\/innviertler-kulturkreis.at\/index.php\/wp-json\/wp\/v2\/types\/page"}],"author":[{"embeddable":true,"href":"https:\/\/innviertler-kulturkreis.at\/index.php\/wp-json\/wp\/v2\/users\/1"}],"replies":[{"embeddable":true,"href":"https:\/\/innviertler-kulturkreis.at\/index.php\/wp-json\/wp\/v2\/comments?post=114"}],"version-history":[{"count":19,"href":"https:\/\/innviertler-kulturkreis.at\/index.php\/wp-json\/wp\/v2\/pages\/114\/revisions"}],"predecessor-version":[{"id":1707,"href":"https:\/\/innviertler-kulturkreis.at\/index.php\/wp-json\/wp\/v2\/pages\/114\/revisions\/1707"}],"wp:attachment":[{"href":"https:\/\/innviertler-kulturkreis.at\/index.php\/wp-json\/wp\/v2\/media?parent=114"}],"curies":[{"name":"wp","href":"https:\/\/api.w.org\/{rel}","templated":true}]}}